{"id":10969,"date":"2025-01-27T21:32:07","date_gmt":"2025-01-27T20:32:07","guid":{"rendered":"https:\/\/tg-schierstein.de\/?post_type=tribe_events&#038;p=10969"},"modified":"2025-01-28T08:49:19","modified_gmt":"2025-01-28T07:49:19","slug":"handball-feriencamp-weihnachtsferien-2","status":"publish","type":"tribe_events","link":"https:\/\/tg-schierstein.de\/?tribe_events=handball-feriencamp-weihnachtsferien-2","title":{"rendered":"Handball | Feriencamp (Osterferien)"},"content":{"rendered":"<p><strong><u>Zeitraum:<\/u> Mo. 14.04.2025 &#8211; Do. 17.04.2025<\/strong><\/p>\n<p><u>Ort:<\/u> Sporthalle Schelmengraben<\/p>\n<p><strong><u>Montag, 14.04.2025<\/u><\/strong><\/p>\n<p>10:00 &#8211; 12:00 Uhr Gruppentraining<br \/>\n12:00 &#8211; 14:00 Uhr Mittagspause<br \/>\n14:00 &#8211; 16:00 Uhr Gruppentraining<\/p>\n<p><strong><u>Dienstag, 15.04.2025<\/u><\/strong><\/p>\n<p>10:00 &#8211; 12:00 Uhr Gruppentraining<br \/>\n12:00 &#8211; 14:00 Uhr Mittagspause<br \/>\n14:00 &#8211; 16:00 Uhr Videoanalyse individuell<\/p>\n<p><strong><u>Mittwoch, 16.04.2025<\/u><\/strong><\/p>\n<p>10:00 &#8211; 16:00 Uhr Camp-Turnier<\/p>\n<p><strong><u>Donnerstag, 17.04.2025<\/u><\/strong><\/p>\n<p>10:00 &#8211; 14:00 Uhr Handball-Siebenkampf<br \/>\n(inkl. Radar &#8211; Wurfgeschwindigkeitsmessung)<br \/>\nGro\u00dfe Siegerehrung + Preisverleihung<br \/>\n(1.-3. Preis von SPORT BONEWITZ)<\/p>\n<p><strong>14:00 Uhr Ende<\/strong><\/p>\n<p>\u201eALL INCLUSIVE\u201c<br \/>\n(Training, Essen, Getr\u00e4nke, Snacks, Betreuung\u2026)<\/p>\n<p><strong>Bitte einen eigenen Handball mitbringen.<\/strong><\/p>\n<p><strong><u>Preis: 90,00 EURO<br \/>\n<\/u><\/strong>(Geschwister 80,00 \u20ac)<strong><u><br \/>\n<\/u><\/strong><\/p>\n<p>Die Anmeldung ist verbindlich !<\/p>\n<p><strong><u>WICHTIG !<\/u><\/strong><\/p>\n<p>Dieses Camp ist ein &#8222;Elektronik&#8220; freies Camp. Wir bitten die Handys, Switch, Tablets, etc. nicht mitzubringen. Sollte ein Kind das Handy mitnehmen m\u00fcssen, bitten wir dieses NICHT im Training oder den Pausen zu benutzen. F\u00fcr die Pausen d\u00fcrfen gerne nicht elektronische Gesellschaftsspiele mitgebracht werden.<\/p>\n<p>Von Minis-B-Jugend. Der Eingang der Anmeldungen entscheidet \u00fcber die Teilnahme. Ihr erhaltet dann eine Teilnahmebest\u00e4tigung. Die Anmeldung ist verbindlich. Die Camp-Teilnehmer sind \u00fcber ihre Erziehungsberechtigten kranken-, unfall- und haftpflichtversichert.<\/p>\n<p><strong>Eine Buchung ist nur m\u00f6glch, wenn Fotoaufnahmen zugestimmt werden. Leider ist dies aus organisatorischen Gr\u00fcnden nicht anders m\u00f6glich.<\/strong><\/p>\n<p>(\u00c4nderungen vorbehalten !)<\/p>\n","protected":false},"excerpt":{"rendered":"<p>Zeitraum: Mo. 14.04.2025 &#8211; Do. 17.04.2025 Ort: Sporthalle Schelmengraben Montag, 14.04.2025 10:00 &#8211; 12:00 Uhr Gruppentraining 12:00 &#8211; 14:00 Uhr Mittagspause 14:00 &#8211; 16:00 Uhr Gruppentraining Dienstag, 15.04.2025 10:00 &#8211; [&hellip;]<\/p>\n","protected":false},"author":4,"featured_media":1231,"template":"","meta":{"_acf_changed":false,"_tribe_events_status":"","_tribe_events_status_reason":"","footnotes":""},"tags":[],"tribe_events_cat":[40],"class_list":["post-10969","tribe_events","type-tribe_events","status-publish","has-post-thumbnail","hentry","tribe_events_cat-handball","cat_handball"],"acf":[],"publishpress_future_workflow_manual_trigger":{"enabledWorkflows":[]},"_links":{"self":[{"href":"https:\/\/tg-schierstein.de\/index.php?rest_route=\/wp\/v2\/tribe_events\/10969","targetHints":{"allow":["GET"]}}],"collection":[{"href":"https:\/\/tg-schierstein.de\/index.php?rest_route=\/wp\/v2\/tribe_events"}],"about":[{"href":"https:\/\/tg-schierstein.de\/index.php?rest_route=\/wp\/v2\/types\/tribe_events"}],"author":[{"embeddable":true,"href":"https:\/\/tg-schierstein.de\/index.php?rest_route=\/wp\/v2\/users\/4"}],"version-history":[{"count":5,"href":"https:\/\/tg-schierstein.de\/index.php?rest_route=\/wp\/v2\/tribe_events\/10969\/revisions"}],"predecessor-version":[{"id":10983,"href":"https:\/\/tg-schierstein.de\/index.php?rest_route=\/wp\/v2\/tribe_events\/10969\/revisions\/10983"}],"wp:featuredmedia":[{"embeddable":true,"href":"https:\/\/tg-schierstein.de\/index.php?rest_route=\/wp\/v2\/media\/1231"}],"wp:attachment":[{"href":"https:\/\/tg-schierstein.de\/index.php?rest_route=%2Fwp%2Fv2%2Fmedia&parent=10969"}],"wp:term":[{"taxonomy":"post_tag","embeddable":true,"href":"https:\/\/tg-schierstein.de\/index.php?rest_route=%2Fwp%2Fv2%2Ftags&post=10969"},{"taxonomy":"tribe_events_cat","embeddable":true,"href":"https:\/\/tg-schierstein.de\/index.php?rest_route=%2Fwp%2Fv2%2Ftribe_events_cat&post=10969"}],"curies":[{"name":"wp","href":"https:\/\/api.w.org\/{rel}","templated":true}]}}