{"id":908,"date":"2021-05-11T15:55:14","date_gmt":"2021-05-11T13:55:14","guid":{"rendered":"https:\/\/test.tg-schierstein.de\/?page_id=908"},"modified":"2025-10-06T14:23:16","modified_gmt":"2025-10-06T12:23:16","slug":"leichtathletik-3-2","status":"publish","type":"page","link":"https:\/\/tg-schierstein.de\/?page_id=908","title":{"rendered":"Leichtathletik"},"content":{"rendered":"\n<style type=\"text\/css\" data-created_by=\"avia_inline_auto\" id=\"style-css-av-25sus-b564e7d874d62abbf589bac2e4d05354\">\n.flex_column.av-25sus-b564e7d874d62abbf589bac2e4d05354{\nborder-radius:0px 0px 0px 0px;\npadding:0px 0px 0px 0px;\n}\n<\/style>\n<div  class='flex_column av-25sus-b564e7d874d62abbf589bac2e4d05354 av_one_half  avia-builder-el-0  el_before_av_one_fourth  avia-builder-el-first  first flex_column_div av-zero-column-padding  '     ><p>\n<style type=\"text\/css\" data-created_by=\"avia_inline_auto\" id=\"style-css-av-latj3yb1-2ce8c4dbcc687f70113be9bf9130f92e\">\n#top .av-special-heading.av-latj3yb1-2ce8c4dbcc687f70113be9bf9130f92e{\npadding-bottom:10px;\n}\nbody .av-special-heading.av-latj3yb1-2ce8c4dbcc687f70113be9bf9130f92e .av-special-heading-tag .heading-char{\nfont-size:25px;\n}\n.av-special-heading.av-latj3yb1-2ce8c4dbcc687f70113be9bf9130f92e .av-subheading{\nfont-size:15px;\n}\n<\/style>\n<div  class='av-special-heading av-latj3yb1-2ce8c4dbcc687f70113be9bf9130f92e av-special-heading-h4  avia-builder-el-1  el_before_av_image  avia-builder-el-first '><h4 class='av-special-heading-tag '  itemprop=\"headline\"  >Die Abteilung stellt sich vor<\/h4><div class=\"special-heading-border\"><div class=\"special-heading-inner-border\"><\/div><\/div><\/div><br \/>\n\n<style type=\"text\/css\" data-created_by=\"avia_inline_auto\" id=\"style-css-av-kogymzck-f4b9d82099bb04b455ef5efdb729ecd7\">\n.avia-image-container.av-kogymzck-f4b9d82099bb04b455ef5efdb729ecd7 img.avia_image{\nbox-shadow:none;\n}\n.avia-image-container.av-kogymzck-f4b9d82099bb04b455ef5efdb729ecd7 .av-image-caption-overlay-center{\ncolor:#ffffff;\n}\n<\/style>\n<div  class='avia-image-container av-kogymzck-f4b9d82099bb04b455ef5efdb729ecd7 av-styling- avia_animated_image av-animated-when-visible-95 pop-up avia-align-center  avia-builder-el-2  el_after_av_heading  el_before_av_textblock  av-has-copyright av-copyright-icon-reveal'   itemprop=\"image\" itemscope=\"itemscope\" itemtype=\"https:\/\/schema.org\/ImageObject\" ><div class=\"avia-image-container-inner\"><div class=\"avia-image-overlay-wrap\"><img decoding=\"async\" fetchpriority=\"high\" class='wp-image-885 avia-img-lazy-loading-not-885 avia_image ' src=\"https:\/\/tg-schierstein.de\/wp-content\/uploads\/2021\/05\/Abteilungsseite-Bilderintro-Leichtathletik_30h.png\" alt='' title='Abteilungsseite-Bilderintro-Leichtathletik_30h'  height=\"214\" width=\"850\"  itemprop=\"thumbnailUrl\" srcset=\"https:\/\/tg-schierstein.de\/wp-content\/uploads\/2021\/05\/Abteilungsseite-Bilderintro-Leichtathletik_30h.png 850w, https:\/\/tg-schierstein.de\/wp-content\/uploads\/2021\/05\/Abteilungsseite-Bilderintro-Leichtathletik_30h-300x76.png 300w, https:\/\/tg-schierstein.de\/wp-content\/uploads\/2021\/05\/Abteilungsseite-Bilderintro-Leichtathletik_30h-768x193.png 768w, https:\/\/tg-schierstein.de\/wp-content\/uploads\/2021\/05\/Abteilungsseite-Bilderintro-Leichtathletik_30h-845x214.png 845w, https:\/\/tg-schierstein.de\/wp-content\/uploads\/2021\/05\/Abteilungsseite-Bilderintro-Leichtathletik_30h-705x177.png 705w\" sizes=\"(max-width: 850px) 100vw, 850px\" \/><\/div><small class=\"avia-copyright\">Symbolfotos @pixabay.com<span class='avia-svg-icon avia-font-svg_entypo-fontello' data-av_svg_icon='info' data-av_iconset='svg_entypo-fontello'><svg version=\"1.1\" xmlns=\"http:\/\/www.w3.org\/2000\/svg\" width=\"15\" height=\"32\" viewBox=\"0 0 15 32\" preserveAspectRatio=\"xMidYMid meet\" aria-labelledby='av-svg-title-1' aria-describedby='av-svg-desc-1' role=\"graphics-symbol\">\n<title id='av-svg-title-1'>Info<\/title>\n<desc id='av-svg-desc-1'>Info<\/desc>\n<path d=\"M11.264 0q1.536 0 2.368 0.864t0.832 2.208q0 1.6-1.248 2.816t-3.040 1.216q-1.536 0-2.368-0.832t-0.768-2.304q0-1.472 1.12-2.72t3.104-1.248zM4.672 32q-3.2 0-1.728-5.696l1.92-8.128q0.448-1.792 0-1.792-0.384 0-1.728 0.576t-2.304 1.216l-0.832-1.408q2.88-2.496 6.048-4.032t4.832-1.536q2.496 0 1.152 5.184l-2.24 8.512q-0.512 2.048 0.192 2.048 1.408 0 3.776-1.92l0.96 1.28q-2.688 2.752-5.6 4.224t-4.448 1.472z\"><\/path>\n<\/svg><\/span><\/small><\/div><\/div><br \/>\n<section  class='av_textblock_section av-latj3m6h-58acee223fb045ad3b14918ea3185951 '   itemscope=\"itemscope\" itemtype=\"https:\/\/schema.org\/CreativeWork\" ><div class='avia_textblock'  itemprop=\"text\" ><p>Ab Mitte der 1980 Jahre hat sich die Leichtathletikabteilung langsam aus der Turnabteilung herausgel\u00f6st. Bis zu diesem Zeitpunkt gab es bei der TG keine reine Leichtathletik. Turner\/innen waren schon immer Mehrk\u00e4mpfer\/innen. W\u00e4hrend der Wintermonate wurde 2mal w\u00f6chentlich in der Halle geturnt, in den Sommermonaten ging es dann mittwochs auf den Sportplatz. \u00a0Im Laufe der Jahre gab es dann aber immer mehr Mitglieder, die nur Leichtathletik machen wollten und so entstand schlie\u00dflich die Leichtathletikabteilung.<\/p>\n<p>Heute findet das Training immer noch mittwochs statt. Die Freiluftsaison beginnt meist Anfang April und endet mit den Herbstferien. Im Winterhalbjahr trainieren wir ebenfalls mittwochs in der Georg-Lang-Halle.<\/p>\n<p>Zurzeit besteht die Leichtathletikabteilung \u00fcberwiegen aus Sch\u00fcler\/innen (6-10 Jahre) und Jugendlichen (11-17 Jahre) mit unterschiedlichem Leistungsniveau und Behinderungsgrad.<\/p>\n<p>Unser Ziel ist nicht der Leistungssport, sondern Leichtathletik f\u00fcr jedermann. Die Hauptdisziplinen bei uns sind Lauf, Sprung, Kugelsto\u00df und Wurf. Hinzu kommen noch Steinsto\u00dfen und Schleuderball.<\/p>\n<p><strong>Was genau ist Leichtathletik?<\/strong><\/p>\n<p>Die Leichtathletik besteht aus mehreren Disziplinen, die sich in Laufdisziplinen wie Sprint, Mittel- und Langstrecke und den technischen Disziplinen wie Werfen (Speer, Hammer, Ball), Hoch- und Weitsprung sowie Kugelsto\u00dfen aufteilen.<\/p>\n<p>Bei den Wettk\u00e4mpfen trennt man die Athleten nicht nur nach Geschlecht, sondern auch nach Alter. Aber Ausnahmen best\u00e4tigen die Regel, so wird in der Kinderleichtathletik als gemischte Mannschaften gestartet.<\/p>\n<p>Bei den Kinder U10\/U12 wird der Dreikampf bestehend aus Sprint, Weitsprung und Ballwurf ausgetragen. Bei der Jugend U14 kommt noch im Vierkampf der Hochsprung dazu.<\/p>\n<p>Die Mehrk\u00e4mpfe auf Ebene des Turnerbundes unterscheiden sich teilweise gewaltig von denen der Leichtathletik. So gibt es bei den Turnern neben reinen Leichtathletikmehrk\u00e4mpfen auch noch gemischte Wettk\u00e4mpfe, z.B. Leichtathletik und Turnen oder Leichtathletik und Schwimmen etc.<\/p>\n<p><strong>Unser Training<\/strong><\/p>\n<p>Laufen, Springen und Werfen sind seit Urzeiten die nat\u00fcrlichen und grundlegenden menschlichen Bewegungsabl\u00e4ufe. Die Leichtathletik hat diese in feste Bahnen des Sports gelenkt.<\/p>\n<p>Damit ist die Leichtathletik f\u00fcr Kinder optimale F\u00f6rderung aller nat\u00fcrlichen Bewegungsformen. Sie ist die bestm\u00f6gliche Grundausbildung f\u00fcr alle anderen Sportarten. F\u00fcr Kinder, Jugendliche und Erwachsene mit h\u00f6heren sportlichen Zielen kann die Leichtathletik eine vielseitige und interessante Wettkampfsportart sein. Mit ihren verschiedenen Disziplinen f\u00f6rdert die Leichtathletik unterschiedliche F\u00e4higkeiten und Begabungen.<\/p>\n<p>Das Training ist bei den Sch\u00fclern und Jugendlichen nicht auf Leistung, sondern auf Koordination und Geschicklichkeit ausgelegt. Hierzu geh\u00f6ren unter anderem Zielspringen, Reifenspringen, H\u00fctchenlauf, etc\u2026 Auch geh\u00f6ren die Disziplinen der Kinderleichtathletik zu unserem Trainingsplan.<\/p>\n<p>Unser Trainingsjahr l\u00e4sst sich in die Hallen- und Freiluftsaison einteilen, wobei im Winter (Halle) Koordinations- und Techniktraining im Vordergrund stehen. Ein gesundes Ma\u00df an Krafttraining (ohne Hantelbank und sonstige Ger\u00e4te) steht in den Wintermonaten ebenfalls auf dem Trainingsprogramm.<\/p>\n<p>Bestimmte Bewegungsabl\u00e4ufe der einzelnen Disziplinen sollen verbessert und die k\u00f6rperliche Leistungsf\u00e4higkeit der Athleten dadurch gesteigert werden.<\/p>\n<p>Im Sommer werden vermehrt die erlernten Abl\u00e4ufe im Freien trainiert, wobei bei den j\u00fcngeren Trainingsteilnehmern der Mehrkampf im Vordergrund steht. Bei den \u00c4lteren jedoch auch gezielt in einer Trainingseinheit auf einzelne Disziplinen (Kugel, Sprint und Sprung) hingearbeitet wird.<\/p>\n<p><strong>Wettk\u00e4mpfe<\/strong><\/p>\n<p>Im Laufe eines Jahres besuchen wir auch diverse Wettk\u00e4mpfe. Gerne w\u00fcrden wir mehr Wettk\u00e4mpfe besuchen, aber leider ist das Angebot an Wettk\u00e4mpfen f\u00fcr die Kinder sehr \u00fcberschaubar.<\/p>\n<p>Zu den Wettk\u00e4mpfen, die wir besuchen, geh\u00f6ren unter anderem:<\/p>\n<ul>\n<li>Gauturnfeste<\/li>\n<li>Bergturnfeste<\/li>\n<li>Hallensportfeste<\/li>\n<\/ul>\n<p>H\u00f6hepunkte sind die Teilnahmen an Meisterschaften auf HTV-Ebene, an Landes- bzw. Deutschen Turnfesten sowie an diversen Wettk\u00e4mpfen des Leichtathletikverbandes.<\/p>\n<p>Falls Ihr Lust auf Leichtathletik habt, schaut einfach mal vorbei &#8211; oder besser noch Ihr kommt gleich mit Euren Sportsachen und macht unverbindlich mit.<\/p>\n<\/div><\/section><\/p><\/div>\n\n<style type=\"text\/css\" data-created_by=\"avia_inline_auto\" id=\"style-css-av-bvan8-2013b98c5cdbadffc7065dde1e6f3d44\">\n.flex_column.av-bvan8-2013b98c5cdbadffc7065dde1e6f3d44{\nborder-radius:0px 0px 0px 0px;\npadding:0px 0px 0px 0px;\n}\n<\/style>\n<div  class='flex_column av-bvan8-2013b98c5cdbadffc7065dde1e6f3d44 av_one_fourth  avia-builder-el-4  el_after_av_one_half  el_before_av_one_fourth  flex_column_div av-zero-column-padding  '     ><p>\n<style type=\"text\/css\" data-created_by=\"avia_inline_auto\" id=\"style-css-av-kpdstzmc-c58c129b84a728c630b73f86b432ef56\">\n#top .av-special-heading.av-kpdstzmc-c58c129b84a728c630b73f86b432ef56{\npadding-bottom:10px;\n}\nbody .av-special-heading.av-kpdstzmc-c58c129b84a728c630b73f86b432ef56 .av-special-heading-tag .heading-char{\nfont-size:25px;\n}\n.av-special-heading.av-kpdstzmc-c58c129b84a728c630b73f86b432ef56 .av-subheading{\nfont-size:15px;\n}\n<\/style>\n<div  class='av-special-heading av-kpdstzmc-c58c129b84a728c630b73f86b432ef56 av-special-heading-h4  avia-builder-el-5  el_before_av_textblock  avia-builder-el-first '><h4 class='av-special-heading-tag '  itemprop=\"headline\"  >Zeiten<\/h4><div class=\"special-heading-border\"><div class=\"special-heading-inner-border\"><\/div><\/div><\/div><br \/>\n<section  class='av_textblock_section av-latjdofe-8c8743480bc221cadfa9fde3395be4bb '   itemscope=\"itemscope\" itemtype=\"https:\/\/schema.org\/CreativeWork\" ><div class='avia_textblock'  itemprop=\"text\" ><p><span style=\"color: #ff0000;\"><span style=\"text-decoration: underline;\"><strong>Hinweis<br \/>\n<\/strong><\/span><\/span><span style=\"color: #ff0000;\">Ein Probetraining ist <strong><span style=\"text-decoration: underline;\">nur<\/span><\/strong> nach telefonischer oder schriftlicher Nachfrage per Email m\u00f6glich.<\/span><\/p>\n<\/div><\/section><br \/>\n<div  class='avia-button-wrap av-latkd5a4-d49969203fb9914e98eae505fd1a8927-wrap avia-button-center  avia-builder-el-7  el_after_av_textblock  el_before_av_iconlist '><a href='https:\/\/tg-schierstein.de\/?page_id=2514'  class='avia-button av-latkd5a4-d49969203fb9914e98eae505fd1a8927 av-link-btn avia-icon_select-yes-left-icon avia-size-large avia-position-center avia-color-theme-color'   aria-label=\"Teilnahme\"><span class='avia_button_icon avia_button_icon_left avia-iconfont avia-font-entypo-fontello' data-av_icon='\ue862' data-av_iconfont='entypo-fontello' ><\/span><span class='avia_iconbox_title' >Teilnahme<\/span><\/a><\/div><br \/>\n\n<style type=\"text\/css\" data-created_by=\"avia_inline_auto\" id=\"style-css-av-lh3nledv-fb65aa3a67c0e952845c32a502e82a26\">\n#top .avia-icon-list-container.av-lh3nledv-fb65aa3a67c0e952845c32a502e82a26 .iconlist_icon{\ncolor:#346fdb;\nbackground-color:#ffffff;\nborder:1px solid #ffffff;\n}\n#top .avia-icon-list-container.av-lh3nledv-fb65aa3a67c0e952845c32a502e82a26 .iconlist_icon svg:first-child{\nstroke:#346fdb;\nfill:#346fdb;\n}\n#top #wrap_all .avia-icon-list-container.av-lh3nledv-fb65aa3a67c0e952845c32a502e82a26 .av_iconlist_title{\ncolor:#346fdb;\n}\n<\/style>\n<div  class='avia-icon-list-container av-lh3nledv-fb65aa3a67c0e952845c32a502e82a26  avia-builder-el-8  el_after_av_button  avia-builder-el-last '><ul class='avia-icon-list avia_animate_when_almost_visible avia-icon-list-left av-iconlist-small av-lh3nledv-fb65aa3a67c0e952845c32a502e82a26 avia-iconlist-animate'>\n<li><div class='iconlist_icon av-lh3nla1k-79d5973442266a9e1571c3aeac7a76bf avia-font-entypo-fontello avia-iconfont avia-font-entypo-fontello'><span class='av-icon-char' data-av_icon='\ue862' data-av_iconfont='entypo-fontello' aria-hidden=\"true\"><\/span><\/div><article class=\"article-icon-entry \"  itemscope=\"itemscope\" itemtype=\"https:\/\/schema.org\/CreativeWork\" ><div class=\"iconlist_content_wrap\"><header class=\"entry-content-header\" aria-label=\"Icon: Mittwoch\"><div class='av_iconlist_title iconlist_title_small  av_inherit_color'  itemprop=\"headline\" >Mittwoch<\/div><\/header><div class='iconlist_content '  itemprop=\"text\" ><p><strong><span style=\"text-decoration: underline;\">Sommer<\/span><br \/>\n17:00-18:15 Uhr<\/strong><br \/>\nGruppe 1<br \/>\n(6 &#8211; 9 Jahre)<\/p>\n<p><strong>17:45-19:15 Uhr<\/strong><br \/>\nGruppe 2<br \/>\n(ab 10 Jahre)<\/p>\n<p><strong><span style=\"text-decoration: underline;\">Winter<\/span><br \/>\n17:00-18:00 Uhr<\/strong><br \/>\nGruppe 1<\/p>\n<p><strong>18:00-19:00 Uhr<\/strong><br \/>\nGruppe 2<\/p>\n<\/div><\/div><footer class=\"entry-footer\"><\/footer><\/article><div class=\"iconlist-timeline\"><\/div><\/li>\n<li><div class='iconlist_icon av-14sak-e52cf7e7ba14977a787c01fc65f9b260 avia-font-entypo-fontello avia-iconfont avia-font-entypo-fontello'><span class='av-icon-char' data-av_icon='\ue841' data-av_iconfont='entypo-fontello' aria-hidden=\"true\"><\/span><\/div><article class=\"article-icon-entry \"  itemscope=\"itemscope\" itemtype=\"https:\/\/schema.org\/CreativeWork\" ><div class=\"iconlist_content_wrap\"><header class=\"entry-content-header\" aria-label=\"Icon: Ort\"><div class='av_iconlist_title iconlist_title_small  av_inherit_color'  itemprop=\"headline\" >Ort<\/div><\/header><div class='iconlist_content '  itemprop=\"text\" ><p><u><strong>Sommer<\/strong><\/u><\/p>\n<p><strong>Sportplatz Saareck<br \/>\n<\/strong>Saarbr\u00fccker Allee 7<br \/>\n65201 Wiesbaden<\/p>\n<p><u><strong>Winter<\/strong><\/u><\/p>\n<p><strong>Georg-Lang-Halle<\/strong><br \/>\nM\u00f6wenstra\u00dfe 25<br \/>\n65201 Wiesbaden<br \/>\n(Eingang \u00fcber Ehrengartstra\u00dfe)<\/p>\n<\/div><\/div><footer class=\"entry-footer\"><\/footer><\/article><div class=\"iconlist-timeline\"><\/div><\/li>\n<\/ul><\/div><\/p><\/div>\n\n<style type=\"text\/css\" data-created_by=\"avia_inline_auto\" id=\"style-css-av-dzar8-7954ac7b06262909d3b10e9adbfc7394\">\n.flex_column.av-dzar8-7954ac7b06262909d3b10e9adbfc7394{\nborder-radius:0px 0px 0px 0px;\npadding:0px 0px 0px 0px;\n}\n<\/style>\n<div  class='flex_column av-dzar8-7954ac7b06262909d3b10e9adbfc7394 av_one_fourth  avia-builder-el-9  el_after_av_one_fourth  avia-builder-el-last  flex_column_div av-zero-column-padding  '     ><p>\n<style type=\"text\/css\" data-created_by=\"avia_inline_auto\" id=\"style-css-av-85vek-ecbe6ba39e1b78b763b6f28bda083754\">\n#top .av-special-heading.av-85vek-ecbe6ba39e1b78b763b6f28bda083754{\npadding-bottom:10px;\n}\nbody .av-special-heading.av-85vek-ecbe6ba39e1b78b763b6f28bda083754 .av-special-heading-tag .heading-char{\nfont-size:25px;\n}\n.av-special-heading.av-85vek-ecbe6ba39e1b78b763b6f28bda083754 .av-subheading{\nfont-size:15px;\n}\n<\/style>\n<div  class='av-special-heading av-85vek-ecbe6ba39e1b78b763b6f28bda083754 av-special-heading-h4  avia-builder-el-10  el_before_av_textblock  avia-builder-el-first '><h4 class='av-special-heading-tag '  itemprop=\"headline\"  >Kontakt<\/h4><div class=\"special-heading-border\"><div class=\"special-heading-inner-border\"><\/div><\/div><\/div><br \/>\n<section  class='av_textblock_section av-latiy4pm-e932f9d425414631441728d3765fa3ae '   itemscope=\"itemscope\" itemtype=\"https:\/\/schema.org\/CreativeWork\" ><div class='avia_textblock'  itemprop=\"text\" ><p><img loading=\"lazy\" decoding=\"async\" class=\"alignnone wp-image-1068 size-thumbnail\" src=\"https:\/\/tg-schierstein.de\/wp-content\/uploads\/2021\/05\/icon_leichtathletik_weiss_auf_rot_250px-80x80.png\" alt=\"\" width=\"80\" height=\"80\" srcset=\"https:\/\/tg-schierstein.de\/wp-content\/uploads\/2021\/05\/icon_leichtathletik_weiss_auf_rot_250px-80x80.png 80w, https:\/\/tg-schierstein.de\/wp-content\/uploads\/2021\/05\/icon_leichtathletik_weiss_auf_rot_250px-36x36.png 36w, https:\/\/tg-schierstein.de\/wp-content\/uploads\/2021\/05\/icon_leichtathletik_weiss_auf_rot_250px-180x180.png 180w, https:\/\/tg-schierstein.de\/wp-content\/uploads\/2021\/05\/icon_leichtathletik_weiss_auf_rot_250px.png 250w\" sizes=\"auto, (max-width: 80px) 100vw, 80px\" \/><\/p>\n<p><strong>Michael Huth<\/strong><\/p>\n<p><strong>Telefon<\/strong><br \/>\n(0171) 894 71 85<\/p>\n<p><strong>Email<\/strong><br \/>\n<a href=\"mailto:leichtathletik@tg-schierstein.de\" target=\"_blank\" rel=\"noopener\">leichtathletik@tg-schierstein.de<\/a><\/p>\n<\/div><\/section><br \/>\n\n<style type=\"text\/css\" data-created_by=\"avia_inline_auto\" id=\"style-css-av-pibcc-5572c4c6e87976cf7c066c52bdfe99fb\">\n#top .av-special-heading.av-pibcc-5572c4c6e87976cf7c066c52bdfe99fb{\npadding-bottom:10px;\n}\nbody .av-special-heading.av-pibcc-5572c4c6e87976cf7c066c52bdfe99fb .av-special-heading-tag .heading-char{\nfont-size:25px;\n}\n.av-special-heading.av-pibcc-5572c4c6e87976cf7c066c52bdfe99fb .av-subheading{\nfont-size:15px;\n}\n<\/style>\n<div  class='av-special-heading av-pibcc-5572c4c6e87976cf7c066c52bdfe99fb av-special-heading-h4  avia-builder-el-12  el_after_av_textblock  el_before_av_contact '><h4 class='av-special-heading-tag '  itemprop=\"headline\"  >Kontaktfomular<\/h4><div class=\"special-heading-border\"><div class=\"special-heading-inner-border\"><\/div><\/div><\/div><br \/>\n<form action=\"https:\/\/tg-schierstein.de\/?page_id=908\" method=\"post\" data-fields-with-error=\"Fehler wurden in folgenden Feld(ern) gefunden:\" class=\"avia_ajax_form av-form-labels-visible   avia-builder-el-13  el_after_av_heading  avia-builder-el-last   \" data-avia-form-id=\"1\" data-avia-redirect='' ><fieldset><p class='  first_form  form_element form_fullwidth' id='element_avia_1_1'><label for=\"avia_1_1\">Name <abbr class=\"required\" title=\"ben\u00f6tigt\">*<\/abbr><\/label> <input name=\"avia_1_1\" class=\"text_input is_empty\" type=\"text\" id=\"avia_1_1\" value=\"\" \/><\/p><p class='  first_form  form_element form_fullwidth' id='element_avia_2_1'><label for=\"avia_2_1\">E-Mail <abbr class=\"required\" title=\"ben\u00f6tigt\">*<\/abbr><\/label> <input name=\"avia_2_1\" class=\"text_input is_empty\" type=\"text\" id=\"avia_2_1\" value=\"\" \/><\/p><p class='  first_form  form_element form_fullwidth' id='element_avia_3_1'><label for=\"avia_3_1\">Telefon<\/label> <input name=\"avia_3_1\" class=\"text_input \" type=\"text\" id=\"avia_3_1\" value=\"\" \/><\/p><p class='  first_form  form_element form_fullwidth' id='element_avia_4_1'><label for=\"avia_4_1\">Betreff <abbr class=\"required\" title=\"ben\u00f6tigt\">*<\/abbr><\/label> <input name=\"avia_4_1\" class=\"text_input is_empty\" type=\"text\" id=\"avia_4_1\" value=\"\" \/><\/p><p class='  first_form  form_element form_fullwidth' id='element_avia_5_1'><label for=\"avia_5_1\" class=\"textare_label hidden textare_label_avia_5_1\">Nachricht <abbr class=\"required\" title=\"ben\u00f6tigt\">*<\/abbr><\/label><textarea  name=\"avia_5_1\" class=\"text_area is_empty\" cols=\"40\" rows=\"7\" id=\"avia_5_1\" ><\/textarea><\/p><p class=\"hidden\"><input type=\"text\" name=\"avia_6_1\" class=\"hidden \" id=\"avia_6_1\" value=\"\" \/><\/p><p class='   form_element form_fullwidth' id='element_avia_7_1'><span class='value_verifier_label'>1 + 7 = ?<\/span><input name=\"avia_7_1_verifier\" type=\"hidden\" id=\"avia_7_1_verifier\" value=\"872487414\"\/><label for=\"avia_7_1\">Bitte l\u00f6se die Gleichung. Diese Ma\u00dfnahme dient der Abwehr von Spam <abbr class=\"required\" title=\"ben\u00f6tigt\">*<\/abbr><\/label><input name=\"avia_7_1\" class=\"text_input captcha\" type=\"text\" id=\"avia_7_1\" value=\"\"\/><\/p><p class=\"form_element \"><input type=\"hidden\" value=\"1\" name=\"avia_generated_form1\" \/><input type=\"submit\" value=\"Senden\" class=\"button\"  data-sending-label=\"Sende\"\/><\/p><\/fieldset><\/form><div id=\"ajaxresponse_1\" class=\"ajaxresponse ajaxresponse_1 hidden\"><\/div><\/p><\/div>\n","protected":false},"excerpt":{"rendered":"","protected":false},"author":1,"featured_media":0,"parent":1514,"menu_order":9,"comment_status":"closed","ping_status":"closed","template":"","meta":{"_acf_changed":false,"footnotes":""},"class_list":["post-908","page","type-page","status-publish","hentry"],"acf":[],"publishpress_future_action":{"enabled":false,"date":"2026-05-10 10:49:41","action":"change-status","newStatus":"draft","terms":[],"taxonomy":"","extraData":[]},"publishpress_future_workflow_manual_trigger":{"enabledWorkflows":[]},"_links":{"self":[{"href":"https:\/\/tg-schierstein.de\/index.php?rest_route=\/wp\/v2\/pages\/908","targetHints":{"allow":["GET"]}}],"collection":[{"href":"https:\/\/tg-schierstein.de\/index.php?rest_route=\/wp\/v2\/pages"}],"about":[{"href":"https:\/\/tg-schierstein.de\/index.php?rest_route=\/wp\/v2\/types\/page"}],"author":[{"embeddable":true,"href":"https:\/\/tg-schierstein.de\/index.php?rest_route=\/wp\/v2\/users\/1"}],"replies":[{"embeddable":true,"href":"https:\/\/tg-schierstein.de\/index.php?rest_route=%2Fwp%2Fv2%2Fcomments&post=908"}],"version-history":[{"count":3,"href":"https:\/\/tg-schierstein.de\/index.php?rest_route=\/wp\/v2\/pages\/908\/revisions"}],"predecessor-version":[{"id":12743,"href":"https:\/\/tg-schierstein.de\/index.php?rest_route=\/wp\/v2\/pages\/908\/revisions\/12743"}],"up":[{"embeddable":true,"href":"https:\/\/tg-schierstein.de\/index.php?rest_route=\/wp\/v2\/pages\/1514"}],"wp:attachment":[{"href":"https:\/\/tg-schierstein.de\/index.php?rest_route=%2Fwp%2Fv2%2Fmedia&parent=908"}],"curies":[{"name":"wp","href":"https:\/\/api.w.org\/{rel}","templated":true}]}}